{"id":1389,"date":"2024-07-29T18:25:34","date_gmt":"2024-07-29T18:25:34","guid":{"rendered":"https:\/\/ofrendasfotograficas.net\/?page_id=1389"},"modified":"2024-08-23T16:29:54","modified_gmt":"2024-08-23T16:29:54","slug":"villa-grimaldi","status":"publish","type":"page","link":"https:\/\/ofrendasfotograficas.net\/?page_id=1389","title":{"rendered":"Villa Grimaldi"},"content":{"rendered":"\t\t<div data-elementor-type=\"wp-page\" data-elementor-id=\"1389\" class=\"elementor elementor-1389\">\n\t\t\t\t\t\t\t\t\t<section class=\"elementor-section elementor-top-section elementor-element elementor-element-46e314d elementor-section-boxed elementor-section-height-default elementor-section-height-default\" data-id=\"46e314d\" data-element_type=\"section\">\n\t\t\t\t\t\t<div class=\"elementor-container elementor-column-gap-default\">\n\t\t\t\t\t<div class=\"elementor-column elementor-col-100 elementor-top-column elementor-element elementor-element-1d4dec8\" data-id=\"1d4dec8\" data-element_type=\"column\">\n\t\t\t<div class=\"elementor-widget-wrap elementor-element-populated\">\n\t\t\t\t\t\t\t\t<div class=\"elementor-element elementor-element-737145a elementor-widget elementor-widget-image-gallery\" data-id=\"737145a\" data-element_type=\"widget\" data-widget_type=\"image-gallery.default\">\n\t\t\t\t<div class=\"elementor-widget-container\">\n\t\t\t<style>\/*! elementor - v3.15.0 - 20-08-2023 *\/\n.elementor-image-gallery .gallery-item{display:inline-block;text-align:center;vertical-align:top;width:100%;max-width:100%;margin:0 auto}.elementor-image-gallery .gallery-item img{margin:0 auto}.elementor-image-gallery .gallery-item .gallery-caption{margin:0}.elementor-image-gallery figure img{display:block}.elementor-image-gallery figure figcaption{width:100%}.gallery-spacing-custom .elementor-image-gallery .gallery-icon{padding:0}@media (min-width:768px){.elementor-image-gallery .gallery-columns-2 .gallery-item{max-width:50%}.elementor-image-gallery .gallery-columns-3 .gallery-item{max-width:33.33%}.elementor-image-gallery .gallery-columns-4 .gallery-item{max-width:25%}.elementor-image-gallery .gallery-columns-5 .gallery-item{max-width:20%}.elementor-image-gallery .gallery-columns-6 .gallery-item{max-width:16.666%}.elementor-image-gallery .gallery-columns-7 .gallery-item{max-width:14.28%}.elementor-image-gallery .gallery-columns-8 .gallery-item{max-width:12.5%}.elementor-image-gallery .gallery-columns-9 .gallery-item{max-width:11.11%}.elementor-image-gallery .gallery-columns-10 .gallery-item{max-width:10%}}@media (min-width:480px) and (max-width:767px){.elementor-image-gallery .gallery.gallery-columns-2 .gallery-item,.elementor-image-gallery .gallery.gallery-columns-3 .gallery-item,.elementor-image-gallery .gallery.gallery-columns-4 .gallery-item,.elementor-image-gallery .gallery.gallery-columns-5 .gallery-item,.elementor-image-gallery .gallery.gallery-columns-6 .gallery-item,.elementor-image-gallery .gallery.gallery-columns-7 .gallery-item,.elementor-image-gallery .gallery.gallery-columns-8 .gallery-item,.elementor-image-gallery .gallery.gallery-columns-9 .gallery-item,.elementor-image-gallery .gallery.gallery-columns-10 .gallery-item{max-width:50%}}@media (max-width:479px){.elementor-image-gallery .gallery.gallery-columns-2 .gallery-item,.elementor-image-gallery .gallery.gallery-columns-3 .gallery-item,.elementor-image-gallery .gallery.gallery-columns-4 .gallery-item,.elementor-image-gallery .gallery.gallery-columns-5 .gallery-item,.elementor-image-gallery .gallery.gallery-columns-6 .gallery-item,.elementor-image-gallery .gallery.gallery-columns-7 .gallery-item,.elementor-image-gallery .gallery.gallery-columns-8 .gallery-item,.elementor-image-gallery .gallery.gallery-columns-9 .gallery-item,.elementor-image-gallery .gallery.gallery-columns-10 .gallery-item{max-width:100%}}<\/style>\t\t<div class=\"elementor-image-gallery\">\n\t\t\t<div id='gallery-1' class='gallery galleryid-1389 gallery-columns-1 gallery-size-large'><figure class='gallery-item'>\n\t\t\t<div class='gallery-icon landscape'>\n\t\t\t\t<a data-elementor-open-lightbox=\"yes\" data-elementor-lightbox-slideshow=\"737145a\" data-elementor-lightbox-title=\"Expo Villa Grimaldi 03\" data-e-action-hash=\"#elementor-action%3Aaction%3Dlightbox%26settings%3DeyJpZCI6MTQyNSwidXJsIjoiaHR0cHM6XC9cL29mcmVuZGFzZm90b2dyYWZpY2FzLm5ldFwvd3AtY29udGVudFwvdXBsb2Fkc1wvMjAyNFwvMDdcL0V4cG8tVmlsbGEtR3JpbWFsZGktMDMuanBnIiwic2xpZGVzaG93IjoiNzM3MTQ1YSJ9\" href='https:\/\/ofrendasfotograficas.net\/wp-content\/uploads\/2024\/07\/Expo-Villa-Grimaldi-03.jpg'><img width=\"950\" height=\"519\" src=\"https:\/\/ofrendasfotograficas.net\/wp-content\/uploads\/2024\/07\/Expo-Villa-Grimaldi-03-1024x559.jpg\" class=\"attachment-large size-large\" alt=\"Plano abierto con tres obras ubicadas en paneles blancos, el piso es gris de concreto. Hay dos personas de espalda observando las obras. Sobre el muro del panel de izquierda a derecha est\u00e1 la propuesta de bordado y fotograf\u00eda de Gabriela Rivera Lucero, al centro la imagen de Zaida Gonz\u00e1lez R\u00edos y al costado derecho el v\u00eddeo e imagen de Mariana Gallardo Klein.\" decoding=\"async\" loading=\"lazy\" srcset=\"https:\/\/ofrendasfotograficas.net\/wp-content\/uploads\/2024\/07\/Expo-Villa-Grimaldi-03-1024x559.jpg 1024w, https:\/\/ofrendasfotograficas.net\/wp-content\/uploads\/2024\/07\/Expo-Villa-Grimaldi-03-300x164.jpg 300w, https:\/\/ofrendasfotograficas.net\/wp-content\/uploads\/2024\/07\/Expo-Villa-Grimaldi-03-768x419.jpg 768w, https:\/\/ofrendasfotograficas.net\/wp-content\/uploads\/2024\/07\/Expo-Villa-Grimaldi-03-1536x838.jpg 1536w, https:\/\/ofrendasfotograficas.net\/wp-content\/uploads\/2024\/07\/Expo-Villa-Grimaldi-03-600x327.jpg 600w, https:\/\/ofrendasfotograficas.net\/wp-content\/uploads\/2024\/07\/Expo-Villa-Grimaldi-03-1200x655.jpg 1200w, https:\/\/ofrendasfotograficas.net\/wp-content\/uploads\/2024\/07\/Expo-Villa-Grimaldi-03.jpg 1980w\" sizes=\"100vw\" \/><\/a>\n\t\t\t<\/div><\/figure><figure class='gallery-item'>\n\t\t\t<div class='gallery-icon landscape'>\n\t\t\t\t<a data-elementor-open-lightbox=\"yes\" data-elementor-lightbox-slideshow=\"737145a\" data-elementor-lightbox-title=\"Expo Villa Grimaldi 02\" data-e-action-hash=\"#elementor-action%3Aaction%3Dlightbox%26settings%3DeyJpZCI6MTQyNCwidXJsIjoiaHR0cHM6XC9cL29mcmVuZGFzZm90b2dyYWZpY2FzLm5ldFwvd3AtY29udGVudFwvdXBsb2Fkc1wvMjAyNFwvMDdcL0V4cG8tVmlsbGEtR3JpbWFsZGktMDIuanBnIiwic2xpZGVzaG93IjoiNzM3MTQ1YSJ9\" href='https:\/\/ofrendasfotograficas.net\/wp-content\/uploads\/2024\/07\/Expo-Villa-Grimaldi-02.jpg'><img width=\"950\" height=\"519\" src=\"https:\/\/ofrendasfotograficas.net\/wp-content\/uploads\/2024\/07\/Expo-Villa-Grimaldi-02-1024x559.jpg\" class=\"attachment-large size-large\" alt=\"Encuadre abierto donde se ubican los paneles con obras de Gabriela Rivera Lucero, Zaida Gonz\u00e1lez R\u00edos, el diptico al centro de Mariana Gallardo Klein y al borde derecho de la imagen una imagen en blanco y negro del trabajo de Sumiko Muray Prado, se ven dos personas de espalda observando las obras.\" decoding=\"async\" loading=\"lazy\" srcset=\"https:\/\/ofrendasfotograficas.net\/wp-content\/uploads\/2024\/07\/Expo-Villa-Grimaldi-02-1024x559.jpg 1024w, https:\/\/ofrendasfotograficas.net\/wp-content\/uploads\/2024\/07\/Expo-Villa-Grimaldi-02-300x164.jpg 300w, https:\/\/ofrendasfotograficas.net\/wp-content\/uploads\/2024\/07\/Expo-Villa-Grimaldi-02-768x419.jpg 768w, https:\/\/ofrendasfotograficas.net\/wp-content\/uploads\/2024\/07\/Expo-Villa-Grimaldi-02-1536x838.jpg 1536w, https:\/\/ofrendasfotograficas.net\/wp-content\/uploads\/2024\/07\/Expo-Villa-Grimaldi-02-600x327.jpg 600w, https:\/\/ofrendasfotograficas.net\/wp-content\/uploads\/2024\/07\/Expo-Villa-Grimaldi-02-1200x655.jpg 1200w, https:\/\/ofrendasfotograficas.net\/wp-content\/uploads\/2024\/07\/Expo-Villa-Grimaldi-02.jpg 1980w\" sizes=\"100vw\" \/><\/a>\n\t\t\t<\/div><\/figure><figure class='gallery-item'>\n\t\t\t<div class='gallery-icon landscape'>\n\t\t\t\t<a data-elementor-open-lightbox=\"yes\" data-elementor-lightbox-slideshow=\"737145a\" data-elementor-lightbox-title=\"Expo Villa Grimaldi 01\" data-e-action-hash=\"#elementor-action%3Aaction%3Dlightbox%26settings%3DeyJpZCI6MTQyNiwidXJsIjoiaHR0cHM6XC9cL29mcmVuZGFzZm90b2dyYWZpY2FzLm5ldFwvd3AtY29udGVudFwvdXBsb2Fkc1wvMjAyNFwvMDdcL0V4cG8tVmlsbGEtR3JpbWFsZGkuanBnIiwic2xpZGVzaG93IjoiNzM3MTQ1YSJ9\" href='https:\/\/ofrendasfotograficas.net\/wp-content\/uploads\/2024\/07\/Expo-Villa-Grimaldi.jpg'><img width=\"950\" height=\"519\" src=\"https:\/\/ofrendasfotograficas.net\/wp-content\/uploads\/2024\/07\/Expo-Villa-Grimaldi-1024x559.jpg\" class=\"attachment-large size-large\" alt=\"Encuadre desde otro \u00e1ngulo de los paneles blancos de la exhibici\u00f3n, donde se aprecian otras obras del proyecto Ofrendas, se distingue el trabajo de Ximena Riffo Pi\u00f1a, la obra de Andrea Herrera Poblete y las fotograf\u00edas enmarcadas entre vidrios de Jocelyne Rodr\u00edguez Droguett. Se observa una mujer mirando de perfil el proyecto de Andrea Herrera.\" decoding=\"async\" loading=\"lazy\" srcset=\"https:\/\/ofrendasfotograficas.net\/wp-content\/uploads\/2024\/07\/Expo-Villa-Grimaldi-1024x559.jpg 1024w, https:\/\/ofrendasfotograficas.net\/wp-content\/uploads\/2024\/07\/Expo-Villa-Grimaldi-300x164.jpg 300w, https:\/\/ofrendasfotograficas.net\/wp-content\/uploads\/2024\/07\/Expo-Villa-Grimaldi-768x419.jpg 768w, https:\/\/ofrendasfotograficas.net\/wp-content\/uploads\/2024\/07\/Expo-Villa-Grimaldi-1536x838.jpg 1536w, https:\/\/ofrendasfotograficas.net\/wp-content\/uploads\/2024\/07\/Expo-Villa-Grimaldi-600x327.jpg 600w, https:\/\/ofrendasfotograficas.net\/wp-content\/uploads\/2024\/07\/Expo-Villa-Grimaldi-1200x655.jpg 1200w, https:\/\/ofrendasfotograficas.net\/wp-content\/uploads\/2024\/07\/Expo-Villa-Grimaldi.jpg 1980w\" sizes=\"100vw\" \/><\/a>\n\t\t\t<\/div><\/figure>\n\t\t<\/div>\n\t\t<\/div>\n\t\t\t\t<\/div>\n\t\t\t\t<\/div>\n\t\t\t\t\t<\/div>\n\t\t<\/div>\n\t\t\t\t\t\t\t<\/div>\n\t\t<\/section>\n\t\t\t\t<section class=\"elementor-section elementor-top-section elementor-element elementor-element-4b02efe elementor-section-boxed elementor-section-height-default elementor-section-height-default\" data-id=\"4b02efe\" data-element_type=\"section\">\n\t\t\t\t\t\t<div class=\"elementor-container elementor-column-gap-default\">\n\t\t\t\t\t<div class=\"elementor-column elementor-col-100 elementor-top-column elementor-element elementor-element-cca407d\" data-id=\"cca407d\" data-element_type=\"column\">\n\t\t\t<div class=\"elementor-widget-wrap elementor-element-populated\">\n\t\t\t\t\t\t\t\t<div class=\"elementor-element elementor-element-640dc4c elementor-widget elementor-widget-text-editor\" data-id=\"640dc4c\" data-element_type=\"widget\" data-widget_type=\"text-editor.default\">\n\t\t\t\t<div class=\"elementor-widget-container\">\n\t\t\t<style>\/*! elementor - v3.15.0 - 20-08-2023 *\/\n.elementor-widget-text-editor.elementor-drop-cap-view-stacked .elementor-drop-cap{background-color:#69727d;color:#fff}.elementor-widget-text-editor.elementor-drop-cap-view-framed .elementor-drop-cap{color:#69727d;border:3px solid;background-color:transparent}.elementor-widget-text-editor:not(.elementor-drop-cap-view-default) .elementor-drop-cap{margin-top:8px}.elementor-widget-text-editor:not(.elementor-drop-cap-view-default) .elementor-drop-cap-letter{width:1em;height:1em}.elementor-widget-text-editor .elementor-drop-cap{float:left;text-align:center;line-height:1;font-size:50px}.elementor-widget-text-editor .elementor-drop-cap-letter{display:inline-block}<\/style>\t\t\t\t<p><strong>Villa Grimaldi el a\u00f1o 2015 en Santiago.<\/strong><\/p><p>Para conmemorar el d\u00eda 25 de noviembre, D\u00eda internacional de la Eliminaci\u00f3n de la Violencia a las mujeres, decidimos inaugurar en Villa Grimaldi, ubicado en la ciudad de Santiago las obras realizadas por las artistas del proyecto Ofrendas Fotogr\u00e1ficas contra el Femicidio compuesto por las fot\u00f3grafas: P\u00eda Acu\u00f1a Molina, Marcela Bruna Castro, Mariana Gallardo Klein, Zaida Gonz\u00e1lez R\u00edos, Macarena Pe\u00f1aloza Villarroel, Kena Lorenzini Lorenzini, Sumiko Muray Prado, Ximena Riffo Pi\u00f1a, Andrea Herrera Poblete, Gabriela Rivera Lucero y Jocelyn Rodr\u00edguez Droguett, acompa\u00f1adas de un texto curatorial elaborado por Mane Adaro Gallardo. Tambi\u00e9n convocamos a un di\u00e1logo acerca de violencia de g\u00e9nero en Chile, para ello invitamos a Lelia P\u00e9rez que nos habl\u00f3 sobre la Tipificaci\u00f3n de la Violencia Sexual en Dictadura; a la escritora Gabriela Aguilera del proyecto Basta contra la Violencia de G\u00e9nero; a Ximena Goecke investigadora sobre Mujeres Violencia y Ciudadan\u00eda; a Cristina Gom\u00e9z Penna de la ONG Escuela de Empoderamiento Amanda Labarca.<\/p><p>Agradecemos a Villa Grimaldi por su acogida, y a todas las personas asistentes al evento.<\/p>\t\t\t\t\t\t<\/div>\n\t\t\t\t<\/div>\n\t\t\t\t\t<\/div>\n\t\t<\/div>\n\t\t\t\t\t\t\t<\/div>\n\t\t<\/section>\n\t\t\t\t<section class=\"elementor-section elementor-top-section elementor-element elementor-element-0b4a75e elementor-section-boxed elementor-section-height-default elementor-section-height-default\" data-id=\"0b4a75e\" data-element_type=\"section\">\n\t\t\t\t\t\t<div class=\"elementor-container elementor-column-gap-default\">\n\t\t\t\t\t<div class=\"elementor-column elementor-col-100 elementor-top-column elementor-element elementor-element-1425227\" data-id=\"1425227\" data-element_type=\"column\">\n\t\t\t<div class=\"elementor-widget-wrap elementor-element-populated\">\n\t\t\t\t\t\t\t\t<div class=\"elementor-element elementor-element-f21c9c2 elementor-widget elementor-widget-text-editor\" data-id=\"f21c9c2\" data-element_type=\"widget\" data-widget_type=\"text-editor.default\">\n\t\t\t\t<div class=\"elementor-widget-container\">\n\t\t\t\t\t\t\t<p>\u00a0<\/p><p>\u00a0<\/p>\t\t\t\t\t\t<\/div>\n\t\t\t\t<\/div>\n\t\t\t\t\t<\/div>\n\t\t<\/div>\n\t\t\t\t\t\t\t<\/div>\n\t\t<\/section>\n\t\t\t\t\t\t\t<\/div>\n\t\t","protected":false},"excerpt":{"rendered":"<p>Villa Grimaldi el a\u00f1o 2015 en Santiago. Para conmemorar el d\u00eda 25 de noviembre, D\u00eda internacional de la Eliminaci\u00f3n de la Violencia a las mujeres, decidimos inaugurar en Villa Grimaldi, ubicado en la ciudad de Santiago las obras realizadas por las artistas del proyecto Ofrendas Fotogr\u00e1ficas contra el Femicidio compuesto por las fot\u00f3grafas: P\u00eda Acu\u00f1a &hellip; <\/p>\n<p class=\"link-more\"><a href=\"https:\/\/ofrendasfotograficas.net\/?page_id=1389\" class=\"more-link\">Leer m\u00e1s<span class=\"screen-reader-text\"> \u00abVilla Grimaldi\u00bb<\/span><\/a><\/p>\n","protected":false},"author":1,"featured_media":0,"parent":0,"menu_order":0,"comment_status":"closed","ping_status":"closed","template":"","meta":[],"featured_media_urls":[],"_links":{"self":[{"href":"https:\/\/ofrendasfotograficas.net\/index.php?rest_route=\/wp\/v2\/pages\/1389"}],"collection":[{"href":"https:\/\/ofrendasfotograficas.net\/index.php?rest_route=\/wp\/v2\/pages"}],"about":[{"href":"https:\/\/ofrendasfotograficas.net\/index.php?rest_route=\/wp\/v2\/types\/page"}],"author":[{"embeddable":true,"href":"https:\/\/ofrendasfotograficas.net\/index.php?rest_route=\/wp\/v2\/users\/1"}],"replies":[{"embeddable":true,"href":"https:\/\/ofrendasfotograficas.net\/index.php?rest_route=%2Fwp%2Fv2%2Fcomments&post=1389"}],"version-history":[{"count":19,"href":"https:\/\/ofrendasfotograficas.net\/index.php?rest_route=\/wp\/v2\/pages\/1389\/revisions"}],"predecessor-version":[{"id":2102,"href":"https:\/\/ofrendasfotograficas.net\/index.php?rest_route=\/wp\/v2\/pages\/1389\/revisions\/2102"}],"wp:attachment":[{"href":"https:\/\/ofrendasfotograficas.net\/index.php?rest_route=%2Fwp%2Fv2%2Fmedia&parent=1389"}],"curies":[{"name":"wp","href":"https:\/\/api.w.org\/{rel}","templated":true}]}}